{"id":15985,"date":"2020-08-18T12:03:59","date_gmt":"2020-08-18T10:03:59","guid":{"rendered":"https:\/\/www.agrofair.nl\/nos-produits\/"},"modified":"2025-12-12T10:24:06","modified_gmt":"2025-12-12T09:24:06","slug":"nos-produits","status":"publish","type":"page","link":"https:\/\/www.agrofair.nl\/fr\/nos-produits\/","title":{"rendered":"Nos produits"},"content":{"rendered":"<p><div class=\"fusion-fullwidth fullwidth-box fusion-builder-row-1 fusion-flex-container hundred-percent-fullwidth non-hundred-percent-height-scrolling\" style=\"--awb-border-radius-top-left:0px;--awb-border-radius-top-right:0px;--awb-border-radius-bottom-right:0px;--awb-border-radius-bottom-left:0px;--awb-padding-top:0px;--awb-padding-right:6%;--awb-padding-bottom:0px;--awb-padding-left:6%;--awb-background-image:radial-gradient(circle at right center, rgba(208,230,246,0.35) 30%,rgba(255,255,255,0) 30%);--awb-flex-wrap:wrap;\" ><div class=\"fusion-builder-row fusion-row fusion-flex-align-items-stretch fusion-flex-content-wrap\" style=\"width:104% !important;max-width:104% !important;margin-left: calc(-4% \/ 2 );margin-right: calc(-4% \/ 2 );\"><div class=\"fusion-layout-column fusion_builder_column fusion-builder-column-0 fusion_builder_column_3_5 3_5 fusion-flex-column\" style=\"--awb-padding-top:12%;--awb-padding-right:12%;--awb-padding-bottom:12%;--awb-padding-left:12%;--awb-bg-position:center center;--awb-bg-size:cover;--awb-box-shadow:40px 40px 0px 0px #d0e6f6;;--awb-width-large:60%;--awb-margin-top-large:0px;--awb-spacing-right-large:-7.68%;--awb-margin-bottom-large:-1px;--awb-spacing-left-large:3.2%;--awb-width-medium:100%;--awb-spacing-right-medium:1.92%;--awb-spacing-left-medium:1.92%;--awb-width-small:100%;--awb-spacing-right-small:1.92%;--awb-spacing-left-small:1.92%;\"><div class=\"fusion-column-wrapper lazyload fusion-column-has-shadow fusion-flex-justify-content-center fusion-content-layout-column fusion-column-has-bg-image\" data-bg-url=\"https:\/\/www.agrofair.nl\/wp-content\/uploads\/AgroFair-Importer-Fairtrade-Bio-Organic-Bananas-Products-Header.jpg\" data-bg=\"https:\/\/www.agrofair.nl\/wp-content\/uploads\/AgroFair-Importer-Fairtrade-Bio-Organic-Bananas-Products-Header.jpg\"><div class=\"fusion-separator fusion-full-width-sep\" style=\"align-self: center;margin-left: auto;margin-right: auto;margin-top:240px;width:100%;\"><\/div><\/div><\/div><div class=\"fusion-layout-column fusion_builder_column fusion-builder-column-1 fusion_builder_column_2_5 2_5 fusion-flex-column fusion-flex-align-self-center fusion-animated\" style=\"--awb-bg-size:cover;--awb-width-large:40%;--awb-margin-top-large:0px;--awb-spacing-right-large:4.8%;--awb-margin-bottom-large:0px;--awb-spacing-left-large:-7.68%;--awb-width-medium:100%;--awb-spacing-right-medium:1.92%;--awb-spacing-left-medium:1.92%;--awb-width-small:100%;--awb-spacing-right-small:1.92%;--awb-spacing-left-small:1.92%;\" data-animationType=\"fadeIn\" data-animationDuration=\"0.8\" data-animationOffset=\"top-into-view\"><div class=\"fusion-column-wrapper fusion-column-has-shadow fusion-flex-justify-content-center fusion-content-layout-column\"><div class=\"fusion-separator fusion-no-small-visibility fusion-no-medium-visibility fusion-full-width-sep\" style=\"align-self: center;margin-left: auto;margin-right: auto;margin-top:16%;width:100%;\"><\/div><div class=\"fusion-builder-row fusion-builder-row-inner fusion-row fusion-flex-align-items-stretch fusion-flex-content-wrap\" style=\"width:104% !important;max-width:104% !important;margin-left: calc(-4% \/ 2 );margin-right: calc(-4% \/ 2 );\"><div class=\"fusion-layout-column fusion_builder_column_inner fusion-builder-nested-column-0 fusion_builder_column_inner_1_1 1_1 fusion-flex-column fusion-flex-align-self-center\" style=\"--awb-padding-top:10%;--awb-padding-right:10%;--awb-padding-bottom:10%;--awb-padding-left:10%;--awb-bg-color:#ffffff;--awb-bg-color-hover:#ffffff;--awb-bg-size:cover;--awb-box-shadow:-20px 40px 90px -15px rgba(24,27,32,0.05);;--awb-width-large:100%;--awb-margin-top-large:0px;--awb-spacing-right-large:1.92%;--awb-margin-bottom-large:0px;--awb-spacing-left-large:1.92%;--awb-width-medium:100%;--awb-spacing-right-medium:1.92%;--awb-spacing-left-medium:1.92%;--awb-width-small:100%;--awb-spacing-right-small:1.92%;--awb-spacing-left-small:1.92%;\"><div class=\"fusion-column-wrapper fusion-column-has-shadow fusion-flex-justify-content-flex-start fusion-content-layout-column\"><div class=\"fusion-title title fusion-title-1 fusion-sep-none fusion-title-text fusion-title-size-one\" style=\"--awb-text-color:#95b70d;--awb-margin-top:16px;\"><h1 class=\"fusion-title-heading title-heading-left fusion-responsive-typography-calculated\" style=\"font-family:&quot;Londrina Solid&quot;;margin:0;--fontSize:33;line-height:1.45;\">Bio. Fair Trade.<\/h1><\/div><div class=\"fusion-title title fusion-title-2 fusion-sep-none fusion-title-text fusion-title-size-one\" style=\"--awb-margin-top:16px;--awb-font-size:50px;\"><h1 class=\"fusion-title-heading title-heading-left fusion-responsive-typography-calculated\" style=\"font-family:&quot;Open Sans&quot;;font-style:normal;font-weight:700;margin:0;font-size:1em;--fontSize:50;line-height:1.45;\">Nos produits<\/h1><\/div><div class=\"fusion-title title fusion-title-3 fusion-sep-none fusion-title-text fusion-title-size-two\" style=\"--awb-font-size:17px;\"><h2 class=\"fusion-title-heading title-heading-left fusion-responsive-typography-calculated\" style=\"font-family:&quot;Open Sans&quot;;font-style:normal;font-weight:600;margin:0;font-size:1em;--fontSize:17;--minFontSize:17;line-height:1.5;\">Nous produisons des fruits. Mais en fait, nous faisons bien plus que cela: nous cherchons \u00e0 faire le bien avec des fruits. Noius faisons cela en collaboration avec un certain nombre d&rsquo;entreprises.<\/h2><\/div><div class=\"fusion-separator fusion-full-width-sep\" style=\"align-self: center;margin-left: auto;margin-right: auto;margin-top:20px;margin-bottom:20px;width:100%;\"><\/div><div ><a class=\"fusion-button button-flat button-large button-default fusion-button-default button-1 fusion-button-default-span fusion-button-default-type custom-hero-button\" style=\"--button-border-radius-top-left:25px;--button-border-radius-top-right:25px;--button-border-radius-bottom-right:25px;--button-border-radius-bottom-left:25px;\" target=\"_self\" href=\"#ourfruit\"><span class=\"fusion-button-text awb-button__text awb-button__text--default\">Voir nos fruits<\/span><\/a><\/div><\/div><\/div><\/div><div class=\"fusion-separator fusion-no-small-visibility fusion-no-medium-visibility fusion-full-width-sep\" style=\"align-self: center;margin-left: auto;margin-right: auto;margin-top:14%;width:100%;\"><\/div><\/div><\/div><\/div><\/div><div id=\"ourfruit\" class=\"fusion-container-anchor\"><div class=\"fusion-fullwidth fullwidth-box fusion-builder-row-2 fusion-flex-container nonhundred-percent-fullwidth non-hundred-percent-height-scrolling\" style=\"--awb-border-radius-top-left:0px;--awb-border-radius-top-right:0px;--awb-border-radius-bottom-right:0px;--awb-border-radius-bottom-left:0px;--awb-padding-top:70px;--awb-flex-wrap:wrap;\" ><div class=\"fusion-builder-row fusion-row fusion-flex-align-items-stretch fusion-flex-content-wrap\" style=\"max-width:1144px;margin-left: calc(-4% \/ 2 );margin-right: calc(-4% \/ 2 );\"><div class=\"fusion-layout-column fusion_builder_column fusion-builder-column-2 fusion_builder_column_1_1 1_1 fusion-flex-column\" style=\"--awb-bg-size:cover;--awb-width-large:100%;--awb-margin-top-large:0px;--awb-spacing-right-large:1.92%;--awb-margin-bottom-large:0px;--awb-spacing-left-large:1.92%;--awb-width-medium:100%;--awb-order-medium:0;--awb-spacing-right-medium:1.92%;--awb-spacing-left-medium:1.92%;--awb-width-small:100%;--awb-order-small:0;--awb-spacing-right-small:1.92%;--awb-spacing-left-small:1.92%;\"><div class=\"fusion-column-wrapper fusion-column-has-shadow fusion-flex-justify-content-flex-start fusion-content-layout-column\"><div class=\"fusion-title title fusion-title-4 fusion-sep-none fusion-title-center fusion-title-text fusion-title-size-one\" style=\"--awb-margin-bottom:0px;--awb-font-size:50px;\"><h1 class=\"fusion-title-heading title-heading-center fusion-responsive-typography-calculated\" style=\"font-family:&quot;Londrina Solid&quot;;font-style:normal;font-weight:400;margin:0;font-size:1em;--fontSize:50;line-height:1.45;\">Nous sommes tr\u00e8s fiers de nos fruits<\/h1><\/div><div class=\"fusion-text fusion-text-1\" style=\"--awb-content-alignment:center;--awb-font-size:25px;\"><p>Nous sommes les leaders du march\u00e9 des fruits tropicaux (et des produits d\u00e9riv\u00e9s) \u00e9quitables et durables. Aper\u00e7u de nos produits Fairtrade et biologiques<\/p>\n<\/div><\/div><\/div><div class=\"fusion-layout-column fusion_builder_column fusion-builder-column-3 fusion_builder_column_1_2 1_2 fusion-flex-column\" style=\"--awb-padding-top:25px;--awb-padding-right:25px;--awb-padding-bottom:25px;--awb-padding-left:25px;--awb-bg-color:#d0e6f6;--awb-bg-color-hover:#d0e6f6;--awb-bg-size:cover;--awb-width-large:50%;--awb-margin-top-large:25px;--awb-spacing-right-large:3.84%;--awb-margin-bottom-large:0px;--awb-spacing-left-large:3.84%;--awb-width-medium:100%;--awb-order-medium:0;--awb-spacing-right-medium:1.92%;--awb-spacing-left-medium:1.92%;--awb-width-small:100%;--awb-order-small:0;--awb-spacing-right-small:1.92%;--awb-spacing-left-small:1.92%;\"><div class=\"fusion-column-wrapper fusion-column-has-shadow fusion-flex-justify-content-flex-start fusion-content-layout-column\"><div class=\"fusion-builder-row fusion-builder-row-inner fusion-row fusion-flex-align-items-stretch fusion-flex-content-wrap\" style=\"width:104% !important;max-width:104% !important;margin-left: calc(-4% \/ 2 );margin-right: calc(-4% \/ 2 );\"><div class=\"fusion-layout-column fusion_builder_column_inner fusion-builder-nested-column-1 fusion_builder_column_inner_1_2 1_2 fusion-flex-column\" style=\"--awb-bg-size:cover;--awb-width-large:50%;--awb-margin-top-large:0px;--awb-spacing-right-large:3.84%;--awb-margin-bottom-large:0px;--awb-spacing-left-large:3.84%;--awb-width-medium:100%;--awb-order-medium:1;--awb-spacing-right-medium:1.92%;--awb-spacing-left-medium:1.92%;--awb-width-small:100%;--awb-order-small:1;--awb-spacing-right-small:1.92%;--awb-spacing-left-small:1.92%;\"><div class=\"fusion-column-wrapper fusion-column-has-shadow fusion-flex-justify-content-center fusion-content-layout-column\"><div class=\"fusion-image-element \" style=\"text-align:center;--awb-caption-title-font-family:var(--h2_typography-font-family);--awb-caption-title-font-weight:var(--h2_typography-font-weight);--awb-caption-title-font-style:var(--h2_typography-font-style);--awb-caption-title-size:var(--h2_typography-font-size);--awb-caption-title-transform:var(--h2_typography-text-transform);--awb-caption-title-line-height:var(--h2_typography-line-height);--awb-caption-title-letter-spacing:var(--h2_typography-letter-spacing);\"><span class=\" fusion-imageframe imageframe-none imageframe-1 hover-type-none\"><img decoding=\"async\" width=\"500\" height=\"376\" alt=\"AgroFair-Products-Bio-Organic-Fairtrade-Bananas-01\" title=\"AgroFair-Products-Bio-Organic-Fairtrade-Bananas-01\" src=\"https:\/\/www.agrofair.nl\/wp-content\/uploads\/AgroFair-Products-Bio-Organic-Fairtrade-Bananas-01.png\" data-orig-src=\"https:\/\/www.agrofair.nl\/wp-content\/uploads\/AgroFair-Products-Bio-Organic-Fairtrade-Bananas-01.png\" class=\"lazyload img-responsive wp-image-16765\" srcset=\"data:image\/svg+xml,%3Csvg%20xmlns%3D%27http%3A%2F%2Fwww.w3.org%2F2000%2Fsvg%27%20width%3D%27500%27%20height%3D%27376%27%20viewBox%3D%270%200%20500%20376%27%3E%3Crect%20width%3D%27500%27%20height%3D%27376%27%20fill-opacity%3D%220%22%2F%3E%3C%2Fsvg%3E\" data-srcset=\"https:\/\/www.agrofair.nl\/wp-content\/uploads\/AgroFair-Products-Bio-Organic-Fairtrade-Bananas-01-200x150.png 200w, https:\/\/www.agrofair.nl\/wp-content\/uploads\/AgroFair-Products-Bio-Organic-Fairtrade-Bananas-01-400x301.png 400w, https:\/\/www.agrofair.nl\/wp-content\/uploads\/AgroFair-Products-Bio-Organic-Fairtrade-Bananas-01.png 500w\" data-sizes=\"auto\" data-orig-sizes=\"(max-width: 1024px) 100vw, (max-width: 640px) 100vw, 500px\" \/><\/span><\/div><\/div><\/div><div class=\"fusion-layout-column fusion_builder_column_inner fusion-builder-nested-column-2 fusion_builder_column_inner_1_2 1_2 fusion-flex-column\" style=\"--awb-bg-size:cover;--awb-width-large:50%;--awb-margin-top-large:0px;--awb-spacing-right-large:3.84%;--awb-margin-bottom-large:0px;--awb-spacing-left-large:3.84%;--awb-width-medium:100%;--awb-order-medium:0;--awb-spacing-right-medium:1.92%;--awb-spacing-left-medium:1.92%;--awb-width-small:100%;--awb-order-small:0;--awb-spacing-right-small:1.92%;--awb-spacing-left-small:1.92%;\"><div class=\"fusion-column-wrapper fusion-column-has-shadow fusion-flex-justify-content-flex-start fusion-content-layout-column\"><div class=\"fusion-title title fusion-title-5 fusion-sep-none fusion-title-text fusion-title-size-three\" style=\"--awb-text-color:#95b70d;--awb-font-size:15px;\"><h3 class=\"fusion-title-heading title-heading-left fusion-responsive-typography-calculated\" style=\"font-family:&quot;Raleway&quot;;font-style:normal;font-weight:600;margin:0;font-size:1em;--fontSize:15;--minFontSize:15;line-height:1.41;\">Bio. Fair Trade.<\/h3><\/div><div class=\"fusion-title title fusion-title-6 fusion-sep-none fusion-title-text fusion-title-size-three\" style=\"--awb-text-color:#484848;--awb-font-size:30px;\"><h3 class=\"fusion-title-heading title-heading-left fusion-responsive-typography-calculated\" style=\"font-family:&quot;Open Sans&quot;;font-style:normal;font-weight:600;margin:0;font-size:1em;--fontSize:30;line-height:1.41;\">BANANES<\/h3><\/div><div class=\"fusion-text fusion-text-2\" style=\"--awb-font-size:13px;\"><p>Nos bananes sont toutes \u00e9quitables et portent les labels Fairtrade RainForest Alliance. En outre, notre marque verte Ok\u00e9 est \u00e9galement certifi\u00e9e biologique.<\/p>\n<\/div><div ><a class=\"fusion-button button-flat button-small button-default fusion-button-default button-2 fusion-button-default-span fusion-button-default-type\" style=\"--button-border-radius-top-left:25px;--button-border-radius-top-right:25px;--button-border-radius-bottom-right:25px;--button-border-radius-bottom-left:25px;\" target=\"_self\" href=\"#bananas\"><span class=\"fusion-button-text awb-button__text awb-button__text--default\">Lire plus<\/span><\/a><\/div><\/div><\/div><\/div><\/div><\/div><div class=\"fusion-layout-column fusion_builder_column fusion-builder-column-4 fusion_builder_column_1_2 1_2 fusion-flex-column\" style=\"--awb-padding-top:25px;--awb-padding-right:25px;--awb-padding-bottom:25px;--awb-padding-left:25px;--awb-bg-color:#d0e6f6;--awb-bg-color-hover:#d0e6f6;--awb-bg-size:cover;--awb-width-large:50%;--awb-margin-top-large:25px;--awb-spacing-right-large:3.84%;--awb-margin-bottom-large:0px;--awb-spacing-left-large:3.84%;--awb-width-medium:100%;--awb-order-medium:0;--awb-spacing-right-medium:1.92%;--awb-spacing-left-medium:1.92%;--awb-width-small:100%;--awb-order-small:0;--awb-spacing-right-small:1.92%;--awb-spacing-left-small:1.92%;\"><div class=\"fusion-column-wrapper fusion-column-has-shadow fusion-flex-justify-content-flex-start fusion-content-layout-column\"><div class=\"fusion-builder-row fusion-builder-row-inner fusion-row fusion-flex-align-items-stretch fusion-flex-content-wrap\" style=\"width:104% !important;max-width:104% !important;margin-left: calc(-4% \/ 2 );margin-right: calc(-4% \/ 2 );\"><div class=\"fusion-layout-column fusion_builder_column_inner fusion-builder-nested-column-3 fusion_builder_column_inner_1_2 1_2 fusion-flex-column\" style=\"--awb-bg-size:cover;--awb-width-large:50%;--awb-margin-top-large:0px;--awb-spacing-right-large:3.84%;--awb-margin-bottom-large:0px;--awb-spacing-left-large:3.84%;--awb-width-medium:100%;--awb-order-medium:0;--awb-spacing-right-medium:1.92%;--awb-spacing-left-medium:1.92%;--awb-width-small:100%;--awb-order-small:0;--awb-spacing-right-small:1.92%;--awb-spacing-left-small:1.92%;\"><div class=\"fusion-column-wrapper fusion-column-has-shadow fusion-flex-justify-content-flex-start fusion-content-layout-column\"><div class=\"fusion-title title fusion-title-7 fusion-sep-none fusion-title-text fusion-title-size-three\" style=\"--awb-text-color:#95b70d;--awb-font-size:15px;\"><h3 class=\"fusion-title-heading title-heading-left fusion-responsive-typography-calculated\" style=\"font-family:&quot;Raleway&quot;;font-style:normal;font-weight:600;margin:0;font-size:1em;--fontSize:15;--minFontSize:15;line-height:1.41;\">Bio. Fair Trade.<\/h3><\/div><div class=\"fusion-title title fusion-title-8 fusion-sep-none fusion-title-text fusion-title-size-three\" style=\"--awb-text-color:#484848;--awb-font-size:30px;\"><h3 class=\"fusion-title-heading title-heading-left fusion-responsive-typography-calculated\" style=\"font-family:&quot;Open Sans&quot;;font-style:normal;font-weight:600;margin:0;font-size:1em;--fontSize:30;line-height:1.41;\">PUR\u00c9E<\/h3><\/div><div class=\"fusion-text fusion-text-3\" style=\"--awb-font-size:13px;\"><p>Notre pur\u00e9e Bio est un produit de haute qualit\u00e9 de nos cultivateurs. Merveilleusement polyvalent pour une grande vari\u00e9t\u00e9 de produits.<\/p>\n<\/div><div class=\"fusion-separator fusion-full-width-sep\" style=\"align-self: center;margin-left: auto;margin-right: auto;width:100%;\"><\/div><div ><a class=\"fusion-button button-flat button-small button-default fusion-button-default button-3 fusion-button-default-span fusion-button-default-type\" style=\"--button-border-radius-top-left:25px;--button-border-radius-top-right:25px;--button-border-radius-bottom-right:25px;--button-border-radius-bottom-left:25px;\" target=\"_self\" href=\"https:\/\/www.agrofair.nl\/fr\/bio-fairtrade-puree\/\"><span class=\"fusion-button-text awb-button__text awb-button__text--default\">Lire plus<\/span><\/a><\/div><\/div><\/div><div class=\"fusion-layout-column fusion_builder_column_inner fusion-builder-nested-column-4 fusion_builder_column_inner_1_2 1_2 fusion-flex-column\" style=\"--awb-bg-size:cover;--awb-width-large:50%;--awb-margin-top-large:0px;--awb-spacing-right-large:3.84%;--awb-margin-bottom-large:0px;--awb-spacing-left-large:3.84%;--awb-width-medium:100%;--awb-order-medium:0;--awb-spacing-right-medium:1.92%;--awb-spacing-left-medium:1.92%;--awb-width-small:100%;--awb-order-small:0;--awb-spacing-right-small:1.92%;--awb-spacing-left-small:1.92%;\"><div class=\"fusion-column-wrapper fusion-column-has-shadow fusion-flex-justify-content-center fusion-content-layout-column\"><div class=\"fusion-image-element \" style=\"text-align:center;--awb-caption-title-font-family:var(--h2_typography-font-family);--awb-caption-title-font-weight:var(--h2_typography-font-weight);--awb-caption-title-font-style:var(--h2_typography-font-style);--awb-caption-title-size:var(--h2_typography-font-size);--awb-caption-title-transform:var(--h2_typography-text-transform);--awb-caption-title-line-height:var(--h2_typography-line-height);--awb-caption-title-letter-spacing:var(--h2_typography-letter-spacing);\"><span class=\" fusion-imageframe imageframe-none imageframe-2 hover-type-none\"><img decoding=\"async\" width=\"500\" height=\"376\" alt=\"AgroFair-Products-Bio-Organic-Fairtrade-Puree-01\" title=\"AgroFair-Products-Bio-Organic-Fairtrade-Puree-01\" src=\"https:\/\/www.agrofair.nl\/wp-content\/uploads\/AgroFair-Products-Bio-Organic-Fairtrade-Puree-01.png\" data-orig-src=\"https:\/\/www.agrofair.nl\/wp-content\/uploads\/AgroFair-Products-Bio-Organic-Fairtrade-Puree-01.png\" class=\"lazyload img-responsive wp-image-16771\" srcset=\"data:image\/svg+xml,%3Csvg%20xmlns%3D%27http%3A%2F%2Fwww.w3.org%2F2000%2Fsvg%27%20width%3D%27500%27%20height%3D%27376%27%20viewBox%3D%270%200%20500%20376%27%3E%3Crect%20width%3D%27500%27%20height%3D%27376%27%20fill-opacity%3D%220%22%2F%3E%3C%2Fsvg%3E\" data-srcset=\"https:\/\/www.agrofair.nl\/wp-content\/uploads\/AgroFair-Products-Bio-Organic-Fairtrade-Puree-01-200x150.png 200w, https:\/\/www.agrofair.nl\/wp-content\/uploads\/AgroFair-Products-Bio-Organic-Fairtrade-Puree-01-400x301.png 400w, https:\/\/www.agrofair.nl\/wp-content\/uploads\/AgroFair-Products-Bio-Organic-Fairtrade-Puree-01.png 500w\" data-sizes=\"auto\" data-orig-sizes=\"(max-width: 1024px) 100vw, (max-width: 640px) 100vw, 500px\" \/><\/span><\/div><\/div><\/div><\/div><\/div><\/div><\/div><\/div><\/div><div id=\"bananas\" class=\"fusion-container-anchor\"><div class=\"fusion-fullwidth fullwidth-box fusion-builder-row-3 fusion-flex-container nonhundred-percent-fullwidth non-hundred-percent-height-scrolling\" style=\"--awb-border-radius-top-left:0px;--awb-border-radius-top-right:0px;--awb-border-radius-bottom-right:0px;--awb-border-radius-bottom-left:0px;--awb-padding-top:25px;--awb-flex-wrap:wrap;\" ><div class=\"fusion-builder-row fusion-row fusion-flex-align-items-stretch fusion-flex-content-wrap\" style=\"max-width:1144px;margin-left: calc(-4% \/ 2 );margin-right: calc(-4% \/ 2 );\"><div class=\"fusion-layout-column fusion_builder_column fusion-builder-column-5 fusion_builder_column_1_1 1_1 fusion-flex-column\" style=\"--awb-bg-size:cover;--awb-width-large:100%;--awb-margin-top-large:0px;--awb-spacing-right-large:1.92%;--awb-margin-bottom-large:0px;--awb-spacing-left-large:1.92%;--awb-width-medium:100%;--awb-order-medium:0;--awb-spacing-right-medium:1.92%;--awb-spacing-left-medium:1.92%;--awb-width-small:100%;--awb-order-small:0;--awb-spacing-right-small:1.92%;--awb-spacing-left-small:1.92%;\"><div class=\"fusion-column-wrapper fusion-column-has-shadow fusion-flex-justify-content-flex-start fusion-content-layout-column\"><div class=\"fusion-title title fusion-title-9 fusion-sep-none fusion-title-center fusion-title-text fusion-title-size-one\" style=\"--awb-margin-bottom:0px;--awb-font-size:50px;\"><h1 class=\"fusion-title-heading title-heading-center fusion-responsive-typography-calculated\" style=\"font-family:&quot;Londrina Solid&quot;;font-style:normal;font-weight:400;margin:0;font-size:1em;--fontSize:50;line-height:1.45;\">Bananes<\/h1><\/div><div class=\"fusion-text fusion-text-4\" style=\"--awb-content-alignment:center;--awb-font-size:18px;\"><p>Depuis qu&rsquo;AgroFair a import\u00e9 les premi\u00e8res bananes Fairtrade du monde en Europe en 1996, elle est devenue le leader du march\u00e9 des fruits tropicaux Fairtrade.<\/p>\n<p>AgroFair a d\u00e9but\u00e9 en 1996 avec l&rsquo;importation et la distribution de bananes Ok\u00e9 et a \u00e9t\u00e9 la premi\u00e8re entreprise en Europe \u00e0 proposer des bananes issues du commerce \u00e9quitable. AgroFair utilise une strat\u00e9gie d&rsquo;approvisionnement multi-sources. Gr\u00e2ce \u00e0 cette r\u00e9partition g\u00e9ographique, nous offrons toute l&rsquo;ann\u00e9e des bananes de qualit\u00e9 sup\u00e9rieure.<\/p>\n<\/div><\/div><\/div><\/div><\/div><\/div><div class=\"fusion-fullwidth fullwidth-box fusion-builder-row-4 fusion-flex-container nonhundred-percent-fullwidth non-hundred-percent-height-scrolling\" style=\"--awb-border-radius-top-left:0px;--awb-border-radius-top-right:0px;--awb-border-radius-bottom-right:0px;--awb-border-radius-bottom-left:0px;--awb-margin-top:25px;--awb-margin-bottom:50px;--awb-flex-wrap:wrap;\" ><div class=\"fusion-builder-row fusion-row fusion-flex-align-items-flex-start fusion-flex-content-wrap\" style=\"max-width:1144px;margin-left: calc(-4% \/ 2 );margin-right: calc(-4% \/ 2 );\"><div class=\"fusion-layout-column fusion_builder_column fusion-builder-column-6 fusion_builder_column_1_2 1_2 fusion-flex-column\" style=\"--awb-bg-size:cover;--awb-width-large:50%;--awb-margin-top-large:25px;--awb-spacing-right-large:3.84%;--awb-margin-bottom-large:0px;--awb-spacing-left-large:3.84%;--awb-width-medium:100%;--awb-order-medium:0;--awb-spacing-right-medium:1.92%;--awb-spacing-left-medium:1.92%;--awb-width-small:100%;--awb-order-small:0;--awb-spacing-right-small:1.92%;--awb-spacing-left-small:1.92%;\"><div class=\"fusion-column-wrapper fusion-column-has-shadow fusion-flex-justify-content-flex-start fusion-content-layout-column\"><div class=\"fusion-builder-row fusion-builder-row-inner fusion-row fusion-flex-align-items-flex-start fusion-flex-content-wrap\" style=\"width:104% !important;max-width:104% !important;margin-left: calc(-4% \/ 2 );margin-right: calc(-4% \/ 2 );\"><div class=\"fusion-layout-column fusion_builder_column_inner fusion-builder-nested-column-5 fusion_builder_column_inner_1_1 1_1 fusion-flex-column fusion-column-inner-bg-wrapper fusion-column-liftup-border\" style=\"--awb-overflow:hidden;--awb-inner-bg-position:center center;--awb-inner-bg-size:cover;--awb-inner-bg-box-shadow:0px 10px 30px 0px rgba(0,0,0,0.2);;--awb-border-radius:10px 10px 35px 10px;--awb-liftup-border-radius:10px 10px 35px 10px;--awb-width-large:100%;--awb-margin-top-large:0px;--awb-spacing-right-large:1.92%;--awb-margin-bottom-large:0px;--awb-spacing-left-large:1.92%;--awb-width-medium:100%;--awb-order-medium:0;--awb-spacing-right-medium:1.92%;--awb-spacing-left-medium:1.92%;--awb-width-small:100%;--awb-order-small:0;--awb-spacing-right-small:1.92%;--awb-spacing-left-small:1.92%;\"><span class=\"fusion-column-inner-bg hover-type-liftup\"><span class=\"fusion-column-anchor\"><span class=\"fusion-column-inner-bg-image lazyload\" data-bg=\"https:\/\/www.agrofair.nl\/wp-content\/uploads\/AgroFair-Importer-Fairtrade-Bio-Organic-Bananas-organic-bio-Banana.jpg\"><\/span><\/span><\/span><div class=\"fusion-column-wrapper fusion-flex-justify-content-flex-start fusion-content-layout-column fusion-empty-column-bg-image fusion-column-has-bg-image\" data-bg-url=\"https:\/\/www.agrofair.nl\/wp-content\/uploads\/AgroFair-Importer-Fairtrade-Bio-Organic-Bananas-organic-bio-Banana.jpg\"><img decoding=\"async\" class=\"fusion-empty-dims-img-placeholder\" alt=\"AgroFair-Importer-Fairtrade-Bio-Organic-Bananas-organic-bio-Banana\" aria-label=\"AgroFair-Importer-Fairtrade-Bio-Organic-Bananas-organic-bio-Banana\" src=\"data:image\/svg+xml,%3Csvg%20xmlns%3D%27http%3A%2F%2Fwww.w3.org%2F2000%2Fsvg%27%20width%3D%271060%27%20height%3D%27600%27%20viewBox%3D%270%200%201060%20600%27%3E%3Crect%20width%3D%271060%27%20height%3D%27600%27%20fill-opacity%3D%220%22%2F%3E%3C%2Fsvg%3E\"><\/div><\/div><\/div><div class=\"fusion-separator fusion-full-width-sep\" style=\"align-self: center;margin-left: auto;margin-right: auto;margin-top:25px;width:100%;\"><\/div><div class=\"fusion-title title fusion-title-10 fusion-sep-none fusion-title-text fusion-title-size-two\" style=\"--awb-text-color:#000000;--awb-margin-bottom:5px;--awb-font-size:20px;\"><h2 class=\"fusion-title-heading title-heading-left fusion-responsive-typography-calculated\" style=\"font-family:&quot;Open Sans&quot;;font-style:normal;font-weight:600;margin:0;font-size:1em;--fontSize:20;--minFontSize:20;line-height:1.5;\">Ok\u00e9 Organic &#8211; Bio<\/h2><\/div><div class=\"fusion-text fusion-text-5\"><p>Les marques Ok\u00e9 repr\u00e9sentent notre engagement fort envers la plan\u00e8te, ses habitants et les prix justes. Les deux marques ont \u00e9t\u00e9 couronn\u00e9es du label de qualit\u00e9 Fairtrade, qui certifie que la production de ces fruits est conforme aux normes sociales et environnementales les plus exigeantes. En plus de cela, notre marque verte Ok\u00e9 est \u00e9galement certifi\u00e9e Bio.<\/p>\n<\/div><div ><a class=\"fusion-button button-flat fusion-button-default-size button-default fusion-button-default button-4 fusion-button-default-span fusion-button-default-type\" style=\"--button-border-radius-top-left:25px;--button-border-radius-top-right:25px;--button-border-radius-bottom-right:25px;--button-border-radius-bottom-left:25px;\" target=\"_self\" href=\"#\" data-toggle=\"modal\" data-target=\".fusion-modal.infobio\"><span class=\"fusion-button-text awb-button__text awb-button__text--default\">Lire plus<\/span><\/a><\/div><div class=\"fusion-modal modal fade modal-1 infobio\" tabindex=\"-1\" role=\"dialog\" aria-labelledby=\"modal-heading-1\" aria-hidden=\"true\" style=\"--awb-border-color:#ebebeb;--awb-background:#f6f6f6;\"><div class=\"modal-dialog modal-lg\" role=\"document\"><div class=\"modal-content fusion-modal-content\"><div class=\"modal-header\"><button class=\"close\" type=\"button\" data-dismiss=\"modal\" aria-hidden=\"true\" aria-label=\"Close\">&times;<\/button><h3 class=\"modal-title\" id=\"modal-heading-1\" data-dismiss=\"modal\" aria-hidden=\"true\">Informations sur les bananes bio et biologiques<\/h3><\/div><div class=\"modal-body fusion-clearfix\">\n<ul style=\"--awb-size:15px;--awb-line-height:25.5px;--awb-icon-width:25.5px;--awb-icon-height:25.5px;--awb-icon-margin:10.5px;--awb-content-margin:36px;--awb-circlecolor:#a0ce4e;--awb-circle-yes-font-size:13.2px;\" class=\"fusion-checklist fusion-checklist-1 fusion-checklist-default type-icons\"><li class=\"fusion-li-item\" style=\"\"><span class=\"icon-wrapper circle-yes\"><i class=\"fusion-li-icon fa-arrow-right fas\" aria-hidden=\"true\"><\/i><\/span><div class=\"fusion-li-item-content\">\n<strong>Pays d\u2019origine:<\/strong> R\u00e9publique Dominicaine, \u00c9quateur, Peru<\/div><\/li><li class=\"fusion-li-item\" style=\"\"><span class=\"icon-wrapper circle-yes\"><i class=\"fusion-li-icon fa-arrow-right fas\" aria-hidden=\"true\"><\/i><\/span><div class=\"fusion-li-item-content\">\n<strong>Vari\u00e9t\u00e9:<\/strong> Banane Cavendish<\/div><\/li><li class=\"fusion-li-item\" style=\"\"><span class=\"icon-wrapper circle-yes\"><i class=\"fusion-li-icon fa-arrow-right fas\" aria-hidden=\"true\"><\/i><\/span><div class=\"fusion-li-item-content\">\n<strong>Saison:<\/strong> Toute l\u2019ann\u00e9e<\/div><\/li><li class=\"fusion-li-item\" style=\"\"><span class=\"icon-wrapper circle-yes\"><i class=\"fusion-li-icon fa-arrow-right fas\" aria-hidden=\"true\"><\/i><\/span><div class=\"fusion-li-item-content\">\n<strong>Certification:<\/strong> Fairtrade, Bio, Globalgap<\/div><\/li><li class=\"fusion-li-item\" style=\"\"><span class=\"icon-wrapper circle-yes\"><i class=\"fusion-li-icon fa-arrow-right fas\" aria-hidden=\"true\"><\/i><\/span><div class=\"fusion-li-item-content\">\n<strong>Emballage: <\/strong>En vrac, dans des sacs \u00ab cluster \u00bb, emballages \u00ab flow pack \u00bb. D\u2019autres options sont possibles.<\/div><\/li><li class=\"fusion-li-item\" style=\"\"><span class=\"icon-wrapper circle-yes\"><i class=\"fusion-li-icon fa-arrow-right fas\" aria-hidden=\"true\"><\/i><\/span><div class=\"fusion-li-item-content\">\n<strong>Volume\/Poids: <\/strong>Caisses de 18kg ou 17kg. Autres volumes sont possibles<\/div><\/li><li class=\"fusion-li-item\" style=\"\"><span class=\"icon-wrapper circle-yes\"><i class=\"fusion-li-icon fa-arrow-right fas\" aria-hidden=\"true\"><\/i><\/span><div class=\"fusion-li-item-content\">\n<strong>Pallettes: <\/strong>\u2013 48 or 54 cartons of 18 kg<br \/>\n\u2013 55 cartons of 17kg<\/div><\/li><li class=\"fusion-li-item\" style=\"\"><span class=\"icon-wrapper circle-yes\"><i class=\"fusion-li-icon fa-arrow-right fas\" aria-hidden=\"true\"><\/i><\/span><div class=\"fusion-li-item-content\">\n<strong>Chargement: <\/strong>Different ports. diff\u00e9rents ports. Si Rotterdam est notre port principal, nous travaillons avec de nombreux autres ports. Nous pouvons organiser le transit vers n\u2019importe quel pays.<\/div><\/li><\/ul>\n<\/div><\/div><\/div><\/div><\/div><\/div><div class=\"fusion-layout-column fusion_builder_column fusion-builder-column-7 fusion_builder_column_1_2 1_2 fusion-flex-column\" style=\"--awb-bg-size:cover;--awb-width-large:50%;--awb-margin-top-large:25px;--awb-spacing-right-large:3.84%;--awb-margin-bottom-large:0px;--awb-spacing-left-large:3.84%;--awb-width-medium:100%;--awb-order-medium:0;--awb-spacing-right-medium:1.92%;--awb-spacing-left-medium:1.92%;--awb-width-small:100%;--awb-order-small:0;--awb-spacing-right-small:1.92%;--awb-spacing-left-small:1.92%;\"><div class=\"fusion-column-wrapper fusion-column-has-shadow fusion-flex-justify-content-flex-start fusion-content-layout-column\"><div class=\"fusion-builder-row fusion-builder-row-inner fusion-row fusion-flex-align-items-flex-start fusion-flex-content-wrap\" style=\"width:104% !important;max-width:104% !important;margin-left: calc(-4% \/ 2 );margin-right: calc(-4% \/ 2 );\"><div class=\"fusion-layout-column fusion_builder_column_inner fusion-builder-nested-column-6 fusion_builder_column_inner_1_1 1_1 fusion-flex-column fusion-column-inner-bg-wrapper fusion-column-liftup-border\" style=\"--awb-overflow:hidden;--awb-inner-bg-position:center center;--awb-inner-bg-size:cover;--awb-inner-bg-box-shadow:0px 10px 30px 0px rgba(0,0,0,0.2);;--awb-border-radius:10px 10px 35px 10px;--awb-liftup-border-radius:10px 10px 35px 10px;--awb-width-large:100%;--awb-margin-top-large:0px;--awb-spacing-right-large:1.92%;--awb-margin-bottom-large:0px;--awb-spacing-left-large:1.92%;--awb-width-medium:100%;--awb-order-medium:0;--awb-spacing-right-medium:1.92%;--awb-spacing-left-medium:1.92%;--awb-width-small:100%;--awb-order-small:0;--awb-spacing-right-small:1.92%;--awb-spacing-left-small:1.92%;\"><span class=\"fusion-column-inner-bg hover-type-liftup\"><span class=\"fusion-column-anchor\"><span class=\"fusion-column-inner-bg-image lazyload\" data-bg=\"https:\/\/www.agrofair.nl\/wp-content\/uploads\/AgroFair-Importer-Fairtrade-Bio-Organic-Bananas-Oke-Fair-Trade-Banana.jpg\"><\/span><\/span><\/span><div class=\"fusion-column-wrapper fusion-flex-justify-content-flex-start fusion-content-layout-column fusion-empty-column-bg-image fusion-column-has-bg-image\" data-bg-url=\"https:\/\/www.agrofair.nl\/wp-content\/uploads\/AgroFair-Importer-Fairtrade-Bio-Organic-Bananas-Oke-Fair-Trade-Banana.jpg\"><img decoding=\"async\" class=\"fusion-empty-dims-img-placeholder\" alt=\"AgroFair-Importer-Fairtrade-Bio-Organic-Bananas-Oke-Fair-Trade-Banana\" aria-label=\"AgroFair-Importer-Fairtrade-Bio-Organic-Bananas-Oke-Fair-Trade-Banana\" src=\"data:image\/svg+xml,%3Csvg%20xmlns%3D%27http%3A%2F%2Fwww.w3.org%2F2000%2Fsvg%27%20width%3D%271060%27%20height%3D%27600%27%20viewBox%3D%270%200%201060%20600%27%3E%3Crect%20width%3D%271060%27%20height%3D%27600%27%20fill-opacity%3D%220%22%2F%3E%3C%2Fsvg%3E\"><\/div><\/div><\/div><div class=\"fusion-separator fusion-full-width-sep\" style=\"align-self: center;margin-left: auto;margin-right: auto;margin-top:25px;width:100%;\"><\/div><div class=\"fusion-title title fusion-title-11 fusion-sep-none fusion-title-text fusion-title-size-two\" style=\"--awb-text-color:#000000;--awb-margin-bottom:5px;--awb-font-size:20px;\"><h2 class=\"fusion-title-heading title-heading-left fusion-responsive-typography-calculated\" style=\"font-family:&quot;Open Sans&quot;;font-style:normal;font-weight:600;margin:0;font-size:1em;--fontSize:20;--minFontSize:20;line-height:1.5;\">Ok\u00e9 Fair Trade<\/h2><\/div><div class=\"fusion-text fusion-text-6\"><p>Les marques Ok\u00e9 repr\u00e9sentent notre engagement fort envers la plan\u00e8te, ses habitants et les prix justes. Les deux marques ont \u00e9t\u00e9 couronn\u00e9es du label de qualit\u00e9 Fairtrade, qui certifie que la production de ces fruits est conforme aux normes sociales et environnementales les plus exigeantes.<\/p>\n<\/div><div ><a class=\"fusion-button button-flat fusion-button-default-size button-default fusion-button-default button-5 fusion-button-default-span fusion-button-default-type\" style=\"--button-border-radius-top-left:25px;--button-border-radius-top-right:25px;--button-border-radius-bottom-right:25px;--button-border-radius-bottom-left:25px;\" target=\"_self\" href=\"#\" data-toggle=\"modal\" data-target=\".fusion-modal.infofair\"><span class=\"fusion-button-text awb-button__text awb-button__text--default\">Lire plus<\/span><\/a><\/div><div class=\"fusion-modal modal fade modal-2 infofair\" tabindex=\"-1\" role=\"dialog\" aria-labelledby=\"modal-heading-2\" aria-hidden=\"true\" style=\"--awb-border-color:#ebebeb;--awb-background:#f6f6f6;\"><div class=\"modal-dialog modal-lg\" role=\"document\"><div class=\"modal-content fusion-modal-content\"><div class=\"modal-header\"><button class=\"close\" type=\"button\" data-dismiss=\"modal\" aria-hidden=\"true\" aria-label=\"Close\">&times;<\/button><h3 class=\"modal-title\" id=\"modal-heading-2\" data-dismiss=\"modal\" aria-hidden=\"true\">Informations sur les bananes du \u00e9quitable<\/h3><\/div><div class=\"modal-body fusion-clearfix\">\n<ul style=\"--awb-size:15px;--awb-line-height:25.5px;--awb-icon-width:25.5px;--awb-icon-height:25.5px;--awb-icon-margin:10.5px;--awb-content-margin:36px;--awb-circlecolor:#a0ce4e;--awb-circle-yes-font-size:13.2px;\" class=\"fusion-checklist fusion-checklist-2 fusion-checklist-default type-icons\"><li class=\"fusion-li-item\" style=\"\"><span class=\"icon-wrapper circle-yes\"><i class=\"fusion-li-icon fa-arrow-right fas\" aria-hidden=\"true\"><\/i><\/span><div class=\"fusion-li-item-content\">\n<strong>Pays d\u2019origine;<\/strong> \u00c9quateur, Costa Rica, Panama<\/div><\/li><li class=\"fusion-li-item\" style=\"\"><span class=\"icon-wrapper circle-yes\"><i class=\"fusion-li-icon fa-arrow-right fas\" aria-hidden=\"true\"><\/i><\/span><div class=\"fusion-li-item-content\">\n<strong>Vari\u00e9t\u00e9:<\/strong> Banane Cavendish<\/div><\/li><li class=\"fusion-li-item\" style=\"\"><span class=\"icon-wrapper circle-yes\"><i class=\"fusion-li-icon fa-arrow-right fas\" aria-hidden=\"true\"><\/i><\/span><div class=\"fusion-li-item-content\">\n<strong>Saison:<\/strong> Toute l\u2019ann\u00e9e<\/div><\/li><li class=\"fusion-li-item\" style=\"\"><span class=\"icon-wrapper circle-yes\"><i class=\"fusion-li-icon fa-arrow-right fas\" aria-hidden=\"true\"><\/i><\/span><div class=\"fusion-li-item-content\">\n<strong>Certification:<\/strong> Fairtrade, Bio, Globalgap<\/div><\/li><li class=\"fusion-li-item\" style=\"\"><span class=\"icon-wrapper circle-yes\"><i class=\"fusion-li-icon fa-arrow-right fas\" aria-hidden=\"true\"><\/i><\/span><div class=\"fusion-li-item-content\">\n<strong>Emballage: <\/strong>En vrac, dans des sacs \u00ab cluster \u00bb, emballages \u00ab flow pack \u00bb. D\u2019autres options sont possibles.<\/div><\/li><li class=\"fusion-li-item\" style=\"\"><span class=\"icon-wrapper circle-yes\"><i class=\"fusion-li-icon fa-arrow-right fas\" aria-hidden=\"true\"><\/i><\/span><div class=\"fusion-li-item-content\">\n<strong>Volume\/Poids: <\/strong>Caisses de 18kg ou 17kg. Autres volumes sont possibles<\/div><\/li><li class=\"fusion-li-item\" style=\"\"><span class=\"icon-wrapper circle-yes\"><i class=\"fusion-li-icon fa-arrow-right fas\" aria-hidden=\"true\"><\/i><\/span><div class=\"fusion-li-item-content\">\n<strong>Pallettes: <\/strong>48 or 54 cartons of 18 kg or\u00a055 cartons of 17kg<br \/>\n&#8211; Autres emballages : bandes, sacs, labels priv\u00e9s, etc\u2026<\/div><\/li><li class=\"fusion-li-item\" style=\"\"><span class=\"icon-wrapper circle-yes\"><i class=\"fusion-li-icon fa-arrow-right fas\" aria-hidden=\"true\"><\/i><\/span><div class=\"fusion-li-item-content\">\n<strong>Chargement: <\/strong>Different ports. diff\u00e9rents ports. Si Rotterdam est notre port principal, nous travaillons avec de nombreux autres ports. Nous pouvons organiser le transit vers n\u2019importe quel pays.<\/div><\/li><\/ul>\n<\/div><\/div><\/div><\/div><\/div><\/div><div class=\"fusion-layout-column fusion_builder_column fusion-builder-column-8 fusion_builder_column_1_2 1_2 fusion-flex-column\" style=\"--awb-bg-size:cover;--awb-width-large:50%;--awb-margin-top-large:25px;--awb-spacing-right-large:3.84%;--awb-margin-bottom-large:0px;--awb-spacing-left-large:3.84%;--awb-width-medium:100%;--awb-order-medium:0;--awb-spacing-right-medium:1.92%;--awb-spacing-left-medium:1.92%;--awb-width-small:100%;--awb-order-small:0;--awb-spacing-right-small:1.92%;--awb-spacing-left-small:1.92%;\"><div class=\"fusion-column-wrapper fusion-column-has-shadow fusion-flex-justify-content-flex-start fusion-content-layout-column\"><div class=\"fusion-builder-row fusion-builder-row-inner fusion-row fusion-flex-align-items-flex-start fusion-flex-content-wrap\" style=\"width:104% !important;max-width:104% !important;margin-left: calc(-4% \/ 2 );margin-right: calc(-4% \/ 2 );\"><div class=\"fusion-layout-column fusion_builder_column_inner fusion-builder-nested-column-7 fusion_builder_column_inner_1_1 1_1 fusion-flex-column fusion-column-inner-bg-wrapper fusion-column-liftup-border\" style=\"--awb-overflow:hidden;--awb-inner-bg-position:center center;--awb-inner-bg-size:cover;--awb-inner-bg-box-shadow:0px 10px 30px 0px rgba(0,0,0,0.2);;--awb-border-radius:10px 10px 35px 10px;--awb-liftup-border-radius:10px 10px 35px 10px;--awb-width-large:100%;--awb-margin-top-large:0px;--awb-spacing-right-large:1.92%;--awb-margin-bottom-large:0px;--awb-spacing-left-large:1.92%;--awb-width-medium:100%;--awb-order-medium:0;--awb-spacing-right-medium:1.92%;--awb-spacing-left-medium:1.92%;--awb-width-small:100%;--awb-order-small:0;--awb-spacing-right-small:1.92%;--awb-spacing-left-small:1.92%;\"><span class=\"fusion-column-inner-bg hover-type-liftup\"><span class=\"fusion-column-anchor\"><span class=\"fusion-column-inner-bg-image lazyload\" data-bg=\"https:\/\/www.agrofair.nl\/wp-content\/uploads\/AgroFair-Importer-Fairtrade-Bio-Organic-Bananas-all-good-Banana-01-1.jpg\"><\/span><\/span><\/span><div class=\"fusion-column-wrapper fusion-flex-justify-content-flex-start fusion-content-layout-column fusion-empty-column-bg-image fusion-column-has-bg-image\" data-bg-url=\"https:\/\/www.agrofair.nl\/wp-content\/uploads\/AgroFair-Importer-Fairtrade-Bio-Organic-Bananas-all-good-Banana-01-1.jpg\"><img decoding=\"async\" class=\"fusion-empty-dims-img-placeholder\" alt=\"AgroFair-Importer-Fairtrade-Bio-Organic-Bananas-all-good-Banana-01\" aria-label=\"AgroFair-Importer-Fairtrade-Bio-Organic-Bananas-all-good-Banana-01\" src=\"data:image\/svg+xml,%3Csvg%20xmlns%3D%27http%3A%2F%2Fwww.w3.org%2F2000%2Fsvg%27%20width%3D%271060%27%20height%3D%27600%27%20viewBox%3D%270%200%201060%20600%27%3E%3Crect%20width%3D%271060%27%20height%3D%27600%27%20fill-opacity%3D%220%22%2F%3E%3C%2Fsvg%3E\"><\/div><\/div><\/div><div class=\"fusion-separator fusion-full-width-sep\" style=\"align-self: center;margin-left: auto;margin-right: auto;margin-top:25px;width:100%;\"><\/div><div class=\"fusion-title title fusion-title-12 fusion-sep-none fusion-title-text fusion-title-size-two\" style=\"--awb-text-color:#000000;--awb-margin-bottom:5px;--awb-font-size:20px;\"><h2 class=\"fusion-title-heading title-heading-left fusion-responsive-typography-calculated\" style=\"font-family:&quot;Open Sans&quot;;font-style:normal;font-weight:600;margin:0;font-size:1em;--fontSize:20;--minFontSize:20;line-height:1.5;\">Ok\u00e9 All Good<\/h2><\/div><div class=\"fusion-text fusion-text-7\"><p>Toutes les bananes Good Fairtrade sont cultiv\u00e9es dans de petites exploitations familiales qui utilisent des engrais organiques, un sol sain et de l&rsquo;eau propre. Fairtrade garantit que les cultivateurs et leurs familles re\u00e7oivent unrevenu et des conditions de travail \u00e9quitables et que vous obtenez des bananes saines et savoureuses.<\/p>\n<\/div><div ><a class=\"fusion-button button-flat fusion-button-default-size button-default fusion-button-default button-6 fusion-button-default-span fusion-button-default-type\" style=\"--button-border-radius-top-left:25px;--button-border-radius-top-right:25px;--button-border-radius-bottom-right:25px;--button-border-radius-bottom-left:25px;\" target=\"_self\" href=\"#\" data-toggle=\"modal\" data-target=\".fusion-modal.infoallgood\"><span class=\"fusion-button-text awb-button__text awb-button__text--default\">Lire plus<\/span><\/a><\/div><div class=\"fusion-modal modal fade modal-3 infoallgood\" tabindex=\"-1\" role=\"dialog\" aria-labelledby=\"modal-heading-3\" aria-hidden=\"true\" style=\"--awb-border-color:#ebebeb;--awb-background:#f6f6f6;\"><div class=\"modal-dialog modal-lg\" role=\"document\"><div class=\"modal-content fusion-modal-content\"><div class=\"modal-header\"><button class=\"close\" type=\"button\" data-dismiss=\"modal\" aria-hidden=\"true\" aria-label=\"Close\">&times;<\/button><h3 class=\"modal-title\" id=\"modal-heading-3\" data-dismiss=\"modal\" aria-hidden=\"true\">Informations sur All Good Bananes<\/h3><\/div><div class=\"modal-body fusion-clearfix\">\n<ul style=\"--awb-size:15px;--awb-line-height:25.5px;--awb-icon-width:25.5px;--awb-icon-height:25.5px;--awb-icon-margin:10.5px;--awb-content-margin:36px;--awb-circlecolor:#a0ce4e;--awb-circle-yes-font-size:13.2px;\" class=\"fusion-checklist fusion-checklist-3 fusion-checklist-default type-icons\"><li class=\"fusion-li-item\" style=\"\"><span class=\"icon-wrapper circle-yes\"><i class=\"fusion-li-icon fa-arrow-right fas\" aria-hidden=\"true\"><\/i><\/span><div class=\"fusion-li-item-content\">\n<strong>Pays d\u2019origine:<\/strong> \u00c9quateur<\/div><\/li><li class=\"fusion-li-item\" style=\"\"><span class=\"icon-wrapper circle-yes\"><i class=\"fusion-li-icon fa-arrow-right fas\" aria-hidden=\"true\"><\/i><\/span><div class=\"fusion-li-item-content\">\n<strong>Vari\u00e9t\u00e9:<\/strong> Banane Cavendish<\/div><\/li><li class=\"fusion-li-item\" style=\"\"><span class=\"icon-wrapper circle-yes\"><i class=\"fusion-li-icon fa-arrow-right fas\" aria-hidden=\"true\"><\/i><\/span><div class=\"fusion-li-item-content\">\n<strong>Saison:<\/strong> Toute l\u2019ann\u00e9e<\/div><\/li><li class=\"fusion-li-item\" style=\"\"><span class=\"icon-wrapper circle-yes\"><i class=\"fusion-li-icon fa-arrow-right fas\" aria-hidden=\"true\"><\/i><\/span><div class=\"fusion-li-item-content\">\n<strong>Certification:<\/strong> Fairtrade, Bio, Globalgap<\/div><\/li><li class=\"fusion-li-item\" style=\"\"><span class=\"icon-wrapper circle-yes\"><i class=\"fusion-li-icon fa-arrow-right fas\" aria-hidden=\"true\"><\/i><\/span><div class=\"fusion-li-item-content\">\n<strong>Emballage: <\/strong>En vrac, dans des sacs \u00ab cluster \u00bb, emballages \u00ab flow pack \u00bb. D\u2019autres options sont possibles.<\/div><\/li><li class=\"fusion-li-item\" style=\"\"><span class=\"icon-wrapper circle-yes\"><i class=\"fusion-li-icon fa-arrow-right fas\" aria-hidden=\"true\"><\/i><\/span><div class=\"fusion-li-item-content\">\n<strong>Volume\/Poids: <\/strong>Caisses de 18kg ou 17kg. Autres volumes sont possibles<\/div><\/li><li class=\"fusion-li-item\" style=\"\"><span class=\"icon-wrapper circle-yes\"><i class=\"fusion-li-icon fa-arrow-right fas\" aria-hidden=\"true\"><\/i><\/span><div class=\"fusion-li-item-content\">\n<strong>Pallettes: <\/strong>\u2013 48 or 54 cartons of 18 kg<br \/>\n\u2013 55 cartons of 17kg<\/div><\/li><li class=\"fusion-li-item\" style=\"\"><span class=\"icon-wrapper circle-yes\"><i class=\"fusion-li-icon fa-arrow-right fas\" aria-hidden=\"true\"><\/i><\/span><div class=\"fusion-li-item-content\">\n<strong>Chargement: <\/strong>Different ports. diff\u00e9rents ports. Si Rotterdam est notre port principal, nous travaillons avec de nombreux autres ports. Nous pouvons organiser le transit vers n\u2019importe quel pays.<\/div><\/li><\/ul>\n<\/div><\/div><\/div><\/div><\/div><\/div><div class=\"fusion-layout-column fusion_builder_column fusion-builder-column-9 fusion_builder_column_1_2 1_2 fusion-flex-column\" style=\"--awb-bg-size:cover;--awb-width-large:50%;--awb-margin-top-large:25px;--awb-spacing-right-large:3.84%;--awb-margin-bottom-large:0px;--awb-spacing-left-large:3.84%;--awb-width-medium:100%;--awb-order-medium:0;--awb-spacing-right-medium:1.92%;--awb-spacing-left-medium:1.92%;--awb-width-small:100%;--awb-order-small:0;--awb-spacing-right-small:1.92%;--awb-spacing-left-small:1.92%;\"><div class=\"fusion-column-wrapper fusion-column-has-shadow fusion-flex-justify-content-flex-start fusion-content-layout-column\"><div class=\"fusion-builder-row fusion-builder-row-inner fusion-row fusion-flex-align-items-flex-start fusion-flex-content-wrap\" style=\"width:104% !important;max-width:104% !important;margin-left: calc(-4% \/ 2 );margin-right: calc(-4% \/ 2 );\"><div class=\"fusion-layout-column fusion_builder_column_inner fusion-builder-nested-column-8 fusion_builder_column_inner_1_1 1_1 fusion-flex-column fusion-column-inner-bg-wrapper fusion-column-liftup-border\" style=\"--awb-overflow:hidden;--awb-inner-bg-position:center center;--awb-inner-bg-size:cover;--awb-inner-bg-box-shadow:0px 10px 30px 0px rgba(0,0,0,0.2);;--awb-border-radius:10px 10px 35px 10px;--awb-liftup-border-radius:10px 10px 35px 10px;--awb-width-large:100%;--awb-margin-top-large:0px;--awb-spacing-right-large:1.92%;--awb-margin-bottom-large:0px;--awb-spacing-left-large:1.92%;--awb-width-medium:100%;--awb-order-medium:0;--awb-spacing-right-medium:1.92%;--awb-spacing-left-medium:1.92%;--awb-width-small:100%;--awb-order-small:0;--awb-spacing-right-small:1.92%;--awb-spacing-left-small:1.92%;\" data-scroll-devices=\"small-visibility,medium-visibility,large-visibility\"><span class=\"fusion-column-inner-bg hover-type-liftup\"><span class=\"fusion-column-anchor\"><span class=\"fusion-column-inner-bg-image lazyload\" data-bg=\"https:\/\/www.agrofair.nl\/wp-content\/uploads\/AgroFair-Elephant-Bananas.webp\"><\/span><\/span><\/span><div class=\"fusion-column-wrapper fusion-flex-justify-content-flex-start fusion-content-layout-column fusion-empty-column-bg-image fusion-column-has-bg-image\" data-bg-url=\"https:\/\/www.agrofair.nl\/wp-content\/uploads\/AgroFair-Elephant-Bananas.webp\"><img decoding=\"async\" class=\"fusion-empty-dims-img-placeholder\" alt=\"AgroFair-Elephant-Bananas\" aria-label=\"AgroFair-Elephant-Bananas\" src=\"data:image\/svg+xml,%3Csvg%20xmlns%3D%27http%3A%2F%2Fwww.w3.org%2F2000%2Fsvg%27%20width%3D%271060%27%20height%3D%27600%27%20viewBox%3D%270%200%201060%20600%27%3E%3Crect%20width%3D%271060%27%20height%3D%27600%27%20fill-opacity%3D%220%22%2F%3E%3C%2Fsvg%3E\"><\/div><\/div><\/div><div class=\"fusion-separator fusion-full-width-sep\" style=\"align-self: center;margin-left: auto;margin-right: auto;margin-top:25px;width:100%;\"><\/div><div class=\"fusion-title title fusion-title-13 fusion-sep-none fusion-title-text fusion-title-size-two\" style=\"--awb-text-color:#000000;--awb-margin-bottom:5px;--awb-font-size:20px;\"><h2 class=\"fusion-title-heading title-heading-left fusion-responsive-typography-calculated\" style=\"font-family:&quot;Open Sans&quot;;font-style:normal;font-weight:600;margin:0;font-size:1em;--fontSize:20;--minFontSize:20;line-height:1.5;\">Elephant Bananas<\/h2><\/div><div class=\"fusion-text fusion-text-8\"><p>Notre marque Elephant, symbole de force, de prosp\u00e9rit\u00e9 et de bonheur, repr\u00e9sente les exp\u00e9ditions de bananes conventionnelles\/biologiques vers nos clients \u00ab lointains \u00bb, principalement en Asie de l&rsquo;Est et du Sud-Est (Cor\u00e9e et Singapour). <span lang=\"EN-US\">Dans certains cas, les fruits proviennent d&rsquo;exploitations agricoles conventionnelles, mais aussi d&rsquo;exploitations agricoles biologiques. <\/span>L&rsquo;\u00e9l\u00e9phant est profond\u00e9ment ancr\u00e9 dans leur culture et leur histoire.<\/p>\n<\/div><div ><a class=\"fusion-button button-flat fusion-button-default-size button-default fusion-button-default button-7 fusion-button-default-span fusion-button-default-type\" style=\"--button-border-radius-top-left:25px;--button-border-radius-top-right:25px;--button-border-radius-bottom-right:25px;--button-border-radius-bottom-left:25px;\" target=\"_self\" href=\"#\" data-toggle=\"modal\" data-target=\".fusion-modal.infoelephant\"><span class=\"fusion-button-text awb-button__text awb-button__text--default\">Lire plus<\/span><\/a><\/div><div class=\"fusion-modal modal fade modal-4 infoelephant\" tabindex=\"-1\" role=\"dialog\" aria-labelledby=\"modal-heading-4\" aria-hidden=\"true\" style=\"--awb-border-color:#ebebeb;--awb-background:#f6f6f6;\"><div class=\"modal-dialog modal-lg\" role=\"document\"><div class=\"modal-content fusion-modal-content\"><div class=\"modal-header\"><button class=\"close\" type=\"button\" data-dismiss=\"modal\" aria-hidden=\"true\" aria-label=\"Close\">&times;<\/button><h3 class=\"modal-title\" id=\"modal-heading-4\" data-dismiss=\"modal\" aria-hidden=\"true\">Informations sur Bananes Elephant<\/h3><\/div><div class=\"modal-body fusion-clearfix\">\n<ul style=\"--awb-size:15px;--awb-line-height:25.5px;--awb-icon-width:25.5px;--awb-icon-height:25.5px;--awb-icon-margin:10.5px;--awb-content-margin:36px;--awb-circlecolor:#a0ce4e;--awb-circle-yes-font-size:13.2px;\" class=\"fusion-checklist fusion-checklist-4 fusion-checklist-default type-icons\"><li class=\"fusion-li-item\" style=\"\"><span class=\"icon-wrapper circle-yes\"><i class=\"fusion-li-icon fa-arrow-right fas\" aria-hidden=\"true\"><\/i><\/span><div class=\"fusion-li-item-content\"><strong>Pays d\u2019origine:<\/strong> \u00c9quateur<br \/><\/div><\/li><li class=\"fusion-li-item\" style=\"\"><span class=\"icon-wrapper circle-yes\"><i class=\"fusion-li-icon fa-arrow-right fas\" aria-hidden=\"true\"><\/i><\/span><div class=\"fusion-li-item-content\"><strong>Vari\u00e9t\u00e9:<\/strong> Banane Cavendish<br \/><\/div><\/li><li class=\"fusion-li-item\" style=\"\"><span class=\"icon-wrapper circle-yes\"><i class=\"fusion-li-icon fa-arrow-right fas\" aria-hidden=\"true\"><\/i><\/span><div class=\"fusion-li-item-content\"><strong>Saison:<\/strong> Toute l\u2019ann\u00e9e<br \/><\/div><\/li><li class=\"fusion-li-item\" style=\"\"><span class=\"icon-wrapper circle-yes\"><i class=\"fusion-li-icon fa-arrow-right fas\" aria-hidden=\"true\"><\/i><\/span><div class=\"fusion-li-item-content\"><strong>Certification:<\/strong> Globalgap<br \/><\/div><\/li><li class=\"fusion-li-item\" style=\"\"><span class=\"icon-wrapper circle-yes\"><i class=\"fusion-li-icon fa-arrow-right fas\" aria-hidden=\"true\"><\/i><\/span><div class=\"fusion-li-item-content\"><strong>Emballage: <\/strong>En vrac, en sacs \u00e0 grappes, en flow pack. D\u2019autres options sont possibles.<br \/><\/div><\/li><li class=\"fusion-li-item\" style=\"\"><span class=\"icon-wrapper circle-yes\"><i class=\"fusion-li-icon fa-arrow-right fas\" aria-hidden=\"true\"><\/i><\/span><div class=\"fusion-li-item-content\"><strong>Volume\/Poids: <\/strong>Cartons de 19,5, 18,14 kg ou 17 kg. Autres volumes sont possibles<br \/><\/div><\/li><li class=\"fusion-li-item\" style=\"\"><span class=\"icon-wrapper circle-yes\"><i class=\"fusion-li-icon fa-arrow-right fas\" aria-hidden=\"true\"><\/i><\/span><div class=\"fusion-li-item-content\"><strong>Pallettes: <\/strong>48 or 54 cartons de 18 kg \u2013 55 cartons de 17 kg<br \/><\/div><\/li><li class=\"fusion-li-item\" style=\"\"><span class=\"icon-wrapper circle-yes\"><i class=\"fusion-li-icon fa-arrow-right fas\" aria-hidden=\"true\"><\/i><\/span><div class=\"fusion-li-item-content\"><strong>Chargement: <\/strong>Diff\u00e9rents ports (Puerto Bolivar, Puerto Guayaquil et\/ou Puerto Posorja). Rotterdam est notre port principal, mais nous travaillons avec de nombreux autres ports. Le transit vers n&rsquo;importe quel pays est \u00e9galement possible.<br \/><\/div><\/li><\/ul>\n<\/div><\/div><\/div><\/div><\/div><\/div><div class=\"fusion-layout-column fusion_builder_column fusion-builder-column-10 fusion_builder_column_1_2 1_2 fusion-flex-column\" style=\"--awb-bg-size:cover;--awb-width-large:50%;--awb-margin-top-large:25px;--awb-spacing-right-large:3.84%;--awb-margin-bottom-large:0px;--awb-spacing-left-large:3.84%;--awb-width-medium:100%;--awb-order-medium:0;--awb-spacing-right-medium:1.92%;--awb-spacing-left-medium:1.92%;--awb-width-small:100%;--awb-order-small:0;--awb-spacing-right-small:1.92%;--awb-spacing-left-small:1.92%;\"><div class=\"fusion-column-wrapper fusion-column-has-shadow fusion-flex-justify-content-flex-start fusion-content-layout-column\"><div class=\"fusion-builder-row fusion-builder-row-inner fusion-row fusion-flex-align-items-flex-start fusion-flex-content-wrap\" style=\"width:104% !important;max-width:104% !important;margin-left: calc(-4% \/ 2 );margin-right: calc(-4% \/ 2 );\"><div class=\"fusion-layout-column fusion_builder_column_inner fusion-builder-nested-column-9 fusion_builder_column_inner_1_1 1_1 fusion-flex-column fusion-column-inner-bg-wrapper fusion-column-liftup-border\" style=\"--awb-overflow:hidden;--awb-inner-bg-position:center center;--awb-inner-bg-size:cover;--awb-inner-bg-box-shadow:0px 10px 30px 0px rgba(0,0,0,0.2);;--awb-border-radius:10px 10px 35px 10px;--awb-liftup-border-radius:10px 10px 35px 10px;--awb-width-large:100%;--awb-margin-top-large:0px;--awb-spacing-right-large:1.92%;--awb-margin-bottom-large:0px;--awb-spacing-left-large:1.92%;--awb-width-medium:100%;--awb-order-medium:0;--awb-spacing-right-medium:1.92%;--awb-spacing-left-medium:1.92%;--awb-width-small:100%;--awb-order-small:0;--awb-spacing-right-small:1.92%;--awb-spacing-left-small:1.92%;\"><span class=\"fusion-column-inner-bg hover-type-liftup\"><span class=\"fusion-column-anchor\"><span class=\"fusion-column-inner-bg-image lazyload\" data-bg=\"https:\/\/www.agrofair.nl\/wp-content\/uploads\/AgroFair-Importer-Fairtrade-Bio-Organic-Bananas-Latin-Pride-Banana.jpg\"><\/span><\/span><\/span><div class=\"fusion-column-wrapper fusion-flex-justify-content-flex-start fusion-content-layout-column fusion-empty-column-bg-image fusion-column-has-bg-image\" data-bg-url=\"https:\/\/www.agrofair.nl\/wp-content\/uploads\/AgroFair-Importer-Fairtrade-Bio-Organic-Bananas-Latin-Pride-Banana.jpg\"><img decoding=\"async\" class=\"fusion-empty-dims-img-placeholder\" alt=\"AgroFair-Importer-Fairtrade-Bio-Organic-Bananas-Latin-Pride-Banana\" aria-label=\"AgroFair-Importer-Fairtrade-Bio-Organic-Bananas-Latin-Pride-Banana\" src=\"data:image\/svg+xml,%3Csvg%20xmlns%3D%27http%3A%2F%2Fwww.w3.org%2F2000%2Fsvg%27%20width%3D%271060%27%20height%3D%27600%27%20viewBox%3D%270%200%201060%20600%27%3E%3Crect%20width%3D%271060%27%20height%3D%27600%27%20fill-opacity%3D%220%22%2F%3E%3C%2Fsvg%3E\"><\/div><\/div><\/div><div class=\"fusion-separator fusion-full-width-sep\" style=\"align-self: center;margin-left: auto;margin-right: auto;margin-top:25px;width:100%;\"><\/div><div class=\"fusion-title title fusion-title-14 fusion-sep-none fusion-title-text fusion-title-size-two\" style=\"--awb-text-color:#000000;--awb-margin-bottom:5px;--awb-font-size:20px;\"><h2 class=\"fusion-title-heading title-heading-left fusion-responsive-typography-calculated\" style=\"font-family:&quot;Open Sans&quot;;font-style:normal;font-weight:600;margin:0;font-size:1em;--fontSize:20;--minFontSize:20;line-height:1.5;\">Latin Pride<\/h2><\/div><div class=\"fusion-text fusion-text-9\"><p>Notre marque Latin Pride est certifi\u00e9e RainForest Alliance; la base solide de notre pyramide de marques.<\/p>\n<\/div><div ><a class=\"fusion-button button-flat fusion-button-default-size button-default fusion-button-default button-8 fusion-button-default-span fusion-button-default-type\" style=\"--button-border-radius-top-left:25px;--button-border-radius-top-right:25px;--button-border-radius-bottom-right:25px;--button-border-radius-bottom-left:25px;\" target=\"_self\" href=\"#\" data-toggle=\"modal\" data-target=\".fusion-modal.infolatin\"><span class=\"fusion-button-text awb-button__text awb-button__text--default\">Lire plus<\/span><\/a><\/div><div class=\"fusion-modal modal fade modal-5 infolatin\" tabindex=\"-1\" role=\"dialog\" aria-labelledby=\"modal-heading-5\" aria-hidden=\"true\" style=\"--awb-border-color:#ebebeb;--awb-background:#f6f6f6;\"><div class=\"modal-dialog modal-lg\" role=\"document\"><div class=\"modal-content fusion-modal-content\"><div class=\"modal-header\"><button class=\"close\" type=\"button\" data-dismiss=\"modal\" aria-hidden=\"true\" aria-label=\"Close\">&times;<\/button><h3 class=\"modal-title\" id=\"modal-heading-5\" data-dismiss=\"modal\" aria-hidden=\"true\">Informations sur Latin Pride Bananes<\/h3><\/div><div class=\"modal-body fusion-clearfix\">\n<ul style=\"--awb-size:15px;--awb-line-height:25.5px;--awb-icon-width:25.5px;--awb-icon-height:25.5px;--awb-icon-margin:10.5px;--awb-content-margin:36px;--awb-circlecolor:#a0ce4e;--awb-circle-yes-font-size:13.2px;\" class=\"fusion-checklist fusion-checklist-5 fusion-checklist-default type-icons\"><li class=\"fusion-li-item\" style=\"\"><span class=\"icon-wrapper circle-yes\"><i class=\"fusion-li-icon fa-arrow-right fas\" aria-hidden=\"true\"><\/i><\/span><div class=\"fusion-li-item-content\">\n<strong>Pays d\u2019origine:<\/strong> Nicaragua<\/div><\/li><li class=\"fusion-li-item\" style=\"\"><span class=\"icon-wrapper circle-yes\"><i class=\"fusion-li-icon fa-arrow-right fas\" aria-hidden=\"true\"><\/i><\/span><div class=\"fusion-li-item-content\">\n<strong>Vari\u00e9t\u00e9:<\/strong> Banane Cavendish<\/div><\/li><li class=\"fusion-li-item\" style=\"\"><span class=\"icon-wrapper circle-yes\"><i class=\"fusion-li-icon fa-arrow-right fas\" aria-hidden=\"true\"><\/i><\/span><div class=\"fusion-li-item-content\">\n<strong>Saison:<\/strong> Toute l\u2019ann\u00e9e<\/div><\/li><li class=\"fusion-li-item\" style=\"\"><span class=\"icon-wrapper circle-yes\"><i class=\"fusion-li-icon fa-arrow-right fas\" aria-hidden=\"true\"><\/i><\/span><div class=\"fusion-li-item-content\">\n<strong>Certification:<\/strong> Fairtrade, Bio, Globalgap<\/div><\/li><li class=\"fusion-li-item\" style=\"\"><span class=\"icon-wrapper circle-yes\"><i class=\"fusion-li-icon fa-arrow-right fas\" aria-hidden=\"true\"><\/i><\/span><div class=\"fusion-li-item-content\">\n<strong>Emballage: <\/strong>En vrac, dans des sacs \u00ab cluster \u00bb, emballages \u00ab flow pack \u00bb. D\u2019autres options sont possibles.<\/div><\/li><li class=\"fusion-li-item\" style=\"\"><span class=\"icon-wrapper circle-yes\"><i class=\"fusion-li-icon fa-arrow-right fas\" aria-hidden=\"true\"><\/i><\/span><div class=\"fusion-li-item-content\">\n<strong>Volume\/Poids: <\/strong>Caisses de 18kg ou 17kg. Autres volumes sont possibles<\/div><\/li><li class=\"fusion-li-item\" style=\"\"><span class=\"icon-wrapper circle-yes\"><i class=\"fusion-li-icon fa-arrow-right fas\" aria-hidden=\"true\"><\/i><\/span><div class=\"fusion-li-item-content\">\n<strong>Pallettes: <\/strong>48 or 54 cartons of 18 kg or\u00a055 cartons of 17kg<br \/>\n&#8211; Autres emballages : bandes, sacs, labels priv\u00e9s, etc\u2026<\/div><\/li><li class=\"fusion-li-item\" style=\"\"><span class=\"icon-wrapper circle-yes\"><i class=\"fusion-li-icon fa-arrow-right fas\" aria-hidden=\"true\"><\/i><\/span><div class=\"fusion-li-item-content\">\n<strong>Chargement: <\/strong>Different ports. diff\u00e9rents ports. Si Rotterdam est notre port principal, nous travaillons avec de nombreux autres ports. Nous pouvons organiser le transit vers n\u2019importe quel pays.<\/div><\/li><\/ul>\n<\/div><\/div><\/div><\/div><\/div><\/div><\/div><\/div><\/p>\n","protected":false},"excerpt":{"rendered":"","protected":false},"author":1,"featured_media":0,"parent":0,"menu_order":0,"comment_status":"closed","ping_status":"closed","template":"100-width.php","meta":{"inline_featured_image":false,"footnotes":""},"class_list":["post-15985","page","type-page","status-publish","hentry"],"yoast_head":"<!-- This site is optimized with the Yoast SEO plugin v26.5 - https:\/\/yoast.com\/wordpress\/plugins\/seo\/ -->\n<title>Aper\u00e7u de nos produits Fairtrade et Bio | Nous produisons des fruits. Mais en fait, nous faisons bien plus que cela<\/title>\n<meta name=\"description\" content=\"Nous sommes tr\u00e8s fiers de nos fruits\u2026 et d&#039;\u00eatre les leaders du march\u00e9 des fruits tropicaux (et des produits d\u00e9riv\u00e9s) \u00e9quitables et durables. Aper\u00e7u de nos produits Fairtrade et biologiques\" \/>\n<meta name=\"robots\" content=\"index, follow, max-snippet:-1, max-image-preview:large, max-video-preview:-1\" \/>\n<link rel=\"canonical\" href=\"https:\/\/www.agrofair.nl\/fr\/nos-produits\/\" \/>\n<meta property=\"og:locale\" content=\"fr_FR\" \/>\n<meta property=\"og:type\" content=\"article\" \/>\n<meta property=\"og:title\" content=\"Aper\u00e7u de nos produits Fairtrade et Bio | Nous produisons des fruits. Mais en fait, nous faisons bien plus que cela\" \/>\n<meta property=\"og:description\" content=\"Nous sommes tr\u00e8s fiers de nos fruits\u2026 et d&#039;\u00eatre les leaders du march\u00e9 des fruits tropicaux (et des produits d\u00e9riv\u00e9s) \u00e9quitables et durables. Aper\u00e7u de nos produits Fairtrade et biologiques\" \/>\n<meta property=\"og:url\" content=\"https:\/\/www.agrofair.nl\/fr\/nos-produits\/\" \/>\n<meta property=\"og:site_name\" content=\"AgroFair\" \/>\n<meta property=\"article:publisher\" content=\"https:\/\/www.facebook.com\/AgroFair-508509272541829\/\" \/>\n<meta property=\"article:modified_time\" content=\"2025-12-12T09:24:06+00:00\" \/>\n<meta name=\"twitter:card\" content=\"summary_large_image\" \/>\n<meta name=\"twitter:site\" content=\"@AgroFair\" \/>\n<meta name=\"twitter:label1\" content=\"Dur\u00e9e de lecture estim\u00e9e\" \/>\n\t<meta name=\"twitter:data1\" content=\"6 minutes\" \/>\n<script type=\"application\/ld+json\" class=\"yoast-schema-graph\">{\"@context\":\"https:\/\/schema.org\",\"@graph\":[{\"@type\":\"WebPage\",\"@id\":\"https:\/\/www.agrofair.nl\/fr\/nos-produits\/\",\"url\":\"https:\/\/www.agrofair.nl\/fr\/nos-produits\/\",\"name\":\"Aper\u00e7u de nos produits Fairtrade et Bio | Nous produisons des fruits. Mais en fait, nous faisons bien plus que cela\",\"isPartOf\":{\"@id\":\"https:\/\/www.agrofair.nl\/fr\/#website\"},\"datePublished\":\"2020-08-18T10:03:59+00:00\",\"dateModified\":\"2025-12-12T09:24:06+00:00\",\"description\":\"Nous sommes tr\u00e8s fiers de nos fruits\u2026 et d'\u00eatre les leaders du march\u00e9 des fruits tropicaux (et des produits d\u00e9riv\u00e9s) \u00e9quitables et durables. Aper\u00e7u de nos produits Fairtrade et biologiques\",\"breadcrumb\":{\"@id\":\"https:\/\/www.agrofair.nl\/fr\/nos-produits\/#breadcrumb\"},\"inLanguage\":\"fr-FR\",\"potentialAction\":[{\"@type\":\"ReadAction\",\"target\":[\"https:\/\/www.agrofair.nl\/fr\/nos-produits\/\"]}]},{\"@type\":\"BreadcrumbList\",\"@id\":\"https:\/\/www.agrofair.nl\/fr\/nos-produits\/#breadcrumb\",\"itemListElement\":[{\"@type\":\"ListItem\",\"position\":1,\"name\":\"Home\",\"item\":\"https:\/\/www.agrofair.nl\/fr\/\"},{\"@type\":\"ListItem\",\"position\":2,\"name\":\"Nos produits\"}]},{\"@type\":\"WebSite\",\"@id\":\"https:\/\/www.agrofair.nl\/fr\/#website\",\"url\":\"https:\/\/www.agrofair.nl\/fr\/\",\"name\":\"AgroFair\",\"description\":\"Importer &amp; distributor of fairtrade and organic tropical fresh fruit\",\"publisher\":{\"@id\":\"https:\/\/www.agrofair.nl\/fr\/#organization\"},\"potentialAction\":[{\"@type\":\"SearchAction\",\"target\":{\"@type\":\"EntryPoint\",\"urlTemplate\":\"https:\/\/www.agrofair.nl\/fr\/?s={search_term_string}\"},\"query-input\":{\"@type\":\"PropertyValueSpecification\",\"valueRequired\":true,\"valueName\":\"search_term_string\"}}],\"inLanguage\":\"fr-FR\"},{\"@type\":\"Organization\",\"@id\":\"https:\/\/www.agrofair.nl\/fr\/#organization\",\"name\":\"AgroFair\",\"url\":\"https:\/\/www.agrofair.nl\/fr\/\",\"logo\":{\"@type\":\"ImageObject\",\"inLanguage\":\"fr-FR\",\"@id\":\"https:\/\/www.agrofair.nl\/fr\/#\/schema\/logo\/image\/\",\"url\":\"https:\/\/www.agrofair.nl\/wp-content\/uploads\/AgroFair-logo-400.jpg\",\"contentUrl\":\"https:\/\/www.agrofair.nl\/wp-content\/uploads\/AgroFair-logo-400.jpg\",\"width\":400,\"height\":113,\"caption\":\"AgroFair\"},\"image\":{\"@id\":\"https:\/\/www.agrofair.nl\/fr\/#\/schema\/logo\/image\/\"},\"sameAs\":[\"https:\/\/www.facebook.com\/AgroFair-508509272541829\/\",\"https:\/\/x.com\/AgroFair\",\"https:\/\/www.linkedin.com\/company\/87658\",\"https:\/\/www.youtube.com\/user\/AgroFairFruit\"]}]}<\/script>\n<!-- \/ Yoast SEO plugin. -->","yoast_head_json":{"title":"Aper\u00e7u de nos produits Fairtrade et Bio | Nous produisons des fruits. Mais en fait, nous faisons bien plus que cela","description":"Nous sommes tr\u00e8s fiers de nos fruits\u2026 et d'\u00eatre les leaders du march\u00e9 des fruits tropicaux (et des produits d\u00e9riv\u00e9s) \u00e9quitables et durables. Aper\u00e7u de nos produits Fairtrade et biologiques","robots":{"index":"index","follow":"follow","max-snippet":"max-snippet:-1","max-image-preview":"max-image-preview:large","max-video-preview":"max-video-preview:-1"},"canonical":"https:\/\/www.agrofair.nl\/fr\/nos-produits\/","og_locale":"fr_FR","og_type":"article","og_title":"Aper\u00e7u de nos produits Fairtrade et Bio | Nous produisons des fruits. Mais en fait, nous faisons bien plus que cela","og_description":"Nous sommes tr\u00e8s fiers de nos fruits\u2026 et d'\u00eatre les leaders du march\u00e9 des fruits tropicaux (et des produits d\u00e9riv\u00e9s) \u00e9quitables et durables. Aper\u00e7u de nos produits Fairtrade et biologiques","og_url":"https:\/\/www.agrofair.nl\/fr\/nos-produits\/","og_site_name":"AgroFair","article_publisher":"https:\/\/www.facebook.com\/AgroFair-508509272541829\/","article_modified_time":"2025-12-12T09:24:06+00:00","twitter_card":"summary_large_image","twitter_site":"@AgroFair","twitter_misc":{"Dur\u00e9e de lecture estim\u00e9e":"6 minutes"},"schema":{"@context":"https:\/\/schema.org","@graph":[{"@type":"WebPage","@id":"https:\/\/www.agrofair.nl\/fr\/nos-produits\/","url":"https:\/\/www.agrofair.nl\/fr\/nos-produits\/","name":"Aper\u00e7u de nos produits Fairtrade et Bio | Nous produisons des fruits. Mais en fait, nous faisons bien plus que cela","isPartOf":{"@id":"https:\/\/www.agrofair.nl\/fr\/#website"},"datePublished":"2020-08-18T10:03:59+00:00","dateModified":"2025-12-12T09:24:06+00:00","description":"Nous sommes tr\u00e8s fiers de nos fruits\u2026 et d'\u00eatre les leaders du march\u00e9 des fruits tropicaux (et des produits d\u00e9riv\u00e9s) \u00e9quitables et durables. Aper\u00e7u de nos produits Fairtrade et biologiques","breadcrumb":{"@id":"https:\/\/www.agrofair.nl\/fr\/nos-produits\/#breadcrumb"},"inLanguage":"fr-FR","potentialAction":[{"@type":"ReadAction","target":["https:\/\/www.agrofair.nl\/fr\/nos-produits\/"]}]},{"@type":"BreadcrumbList","@id":"https:\/\/www.agrofair.nl\/fr\/nos-produits\/#breadcrumb","itemListElement":[{"@type":"ListItem","position":1,"name":"Home","item":"https:\/\/www.agrofair.nl\/fr\/"},{"@type":"ListItem","position":2,"name":"Nos produits"}]},{"@type":"WebSite","@id":"https:\/\/www.agrofair.nl\/fr\/#website","url":"https:\/\/www.agrofair.nl\/fr\/","name":"AgroFair","description":"Importer &amp; distributor of fairtrade and organic tropical fresh fruit","publisher":{"@id":"https:\/\/www.agrofair.nl\/fr\/#organization"},"potentialAction":[{"@type":"SearchAction","target":{"@type":"EntryPoint","urlTemplate":"https:\/\/www.agrofair.nl\/fr\/?s={search_term_string}"},"query-input":{"@type":"PropertyValueSpecification","valueRequired":true,"valueName":"search_term_string"}}],"inLanguage":"fr-FR"},{"@type":"Organization","@id":"https:\/\/www.agrofair.nl\/fr\/#organization","name":"AgroFair","url":"https:\/\/www.agrofair.nl\/fr\/","logo":{"@type":"ImageObject","inLanguage":"fr-FR","@id":"https:\/\/www.agrofair.nl\/fr\/#\/schema\/logo\/image\/","url":"https:\/\/www.agrofair.nl\/wp-content\/uploads\/AgroFair-logo-400.jpg","contentUrl":"https:\/\/www.agrofair.nl\/wp-content\/uploads\/AgroFair-logo-400.jpg","width":400,"height":113,"caption":"AgroFair"},"image":{"@id":"https:\/\/www.agrofair.nl\/fr\/#\/schema\/logo\/image\/"},"sameAs":["https:\/\/www.facebook.com\/AgroFair-508509272541829\/","https:\/\/x.com\/AgroFair","https:\/\/www.linkedin.com\/company\/87658","https:\/\/www.youtube.com\/user\/AgroFairFruit"]}]}},"_links":{"self":[{"href":"https:\/\/www.agrofair.nl\/fr\/wp-json\/wp\/v2\/pages\/15985","targetHints":{"allow":["GET"]}}],"collection":[{"href":"https:\/\/www.agrofair.nl\/fr\/wp-json\/wp\/v2\/pages"}],"about":[{"href":"https:\/\/www.agrofair.nl\/fr\/wp-json\/wp\/v2\/types\/page"}],"author":[{"embeddable":true,"href":"https:\/\/www.agrofair.nl\/fr\/wp-json\/wp\/v2\/users\/1"}],"replies":[{"embeddable":true,"href":"https:\/\/www.agrofair.nl\/fr\/wp-json\/wp\/v2\/comments?post=15985"}],"version-history":[{"count":3,"href":"https:\/\/www.agrofair.nl\/fr\/wp-json\/wp\/v2\/pages\/15985\/revisions"}],"predecessor-version":[{"id":18503,"href":"https:\/\/www.agrofair.nl\/fr\/wp-json\/wp\/v2\/pages\/15985\/revisions\/18503"}],"wp:attachment":[{"href":"https:\/\/www.agrofair.nl\/fr\/wp-json\/wp\/v2\/media?parent=15985"}],"curies":[{"name":"wp","href":"https:\/\/api.w.org\/{rel}","templated":true}]}}